{"id":7,"date":"2025-12-22T13:32:12","date_gmt":"2025-12-22T12:32:12","guid":{"rendered":"https:\/\/casaparticular.es\/?page_id=7"},"modified":"2025-12-22T15:59:58","modified_gmt":"2025-12-22T14:59:58","slug":"inicio","status":"publish","type":"page","link":"https:\/\/casaparticular.es\/","title":{"rendered":"Inicio"},"content":{"rendered":"\n<div class=\"wp-block-cover alignfull\" style=\"padding-top:15px;padding-right:15px;padding-bottom:15px;padding-left:15px\"><img loading=\"lazy\" decoding=\"async\" width=\"1024\" height=\"612\" class=\"wp-block-cover__image-background wp-image-25 size-large\" alt=\"\" src=\"https:\/\/casaparticular.es\/wp-content\/uploads\/2025\/12\/arenal-de-moris-1024x612.jpeg\" data-object-fit=\"cover\" srcset=\"https:\/\/casaparticular.es\/wp-content\/uploads\/2025\/12\/arenal-de-moris-1024x612.jpeg 1024w, https:\/\/casaparticular.es\/wp-content\/uploads\/2025\/12\/arenal-de-moris-300x179.jpeg 300w, https:\/\/casaparticular.es\/wp-content\/uploads\/2025\/12\/arenal-de-moris-768x459.jpeg 768w, https:\/\/casaparticular.es\/wp-content\/uploads\/2025\/12\/arenal-de-moris-1536x918.jpeg 1536w, https:\/\/casaparticular.es\/wp-content\/uploads\/2025\/12\/arenal-de-moris.jpeg 2048w\" sizes=\"auto, (max-width: 1024px) 100vw, 1024px\" \/><span aria-hidden=\"true\" class=\"wp-block-cover__background has-black-background-color has-background-dim\"><\/span><div class=\"wp-block-cover__inner-container is-layout-flow wp-block-cover-is-layout-flow\">\n<h1 class=\"wp-block-heading has-text-align-center has-ast-global-color-5-color has-text-color has-x-large-font-size\" style=\"margin-top:0px;margin-bottom:0;padding-top:0px;padding-right:0px;padding-bottom:0px;padding-left:0px;font-style:normal;font-weight:700;text-transform:none\">Casa Rural en Arenal de Mor\u00eds<\/h1>\n\n\n\n<p class=\"has-text-align-center has-ast-global-color-5-color has-text-color has-link-color wp-elements-5239af81069fef27281633fee5199472\">Exclusividad en primera l\u00ednea de playa. Despierta con el Cant\u00e1brico a tus pies y el horizonte de Caravia como jard\u00edn privado.<\/p>\n\n\n\n<div class=\"wp-block-group is-layout-constrained wp-container-core-group-is-layout-cc895cbe wp-block-group-is-layout-constrained\" style=\"border-radius:100rem;margin-top:0px;margin-bottom:0px;padding-top:0px;padding-right:0px;padding-bottom:0px;padding-left:0px\">\n<div class=\"wp-block-buttons is-content-justification-center is-layout-flex wp-container-core-buttons-is-layout-57ba388b wp-block-buttons-is-layout-flex\" style=\"margin-top:0px;margin-bottom:0px\">\n<div class=\"wp-block-button\"><a class=\"wp-block-button__link has-ast-global-color-5-color has-ast-global-color-7-background-color has-text-color has-background has-medium-font-size has-custom-font-size wp-element-button\" style=\"border-radius:5px;padding-top:13px;padding-right:35px;padding-bottom:13px;padding-left:35px;font-style:normal;font-weight:600;text-transform:uppercase\" rel=\"#\">reservar<\/a><\/div>\n<\/div>\n<\/div>\n<\/div><\/div>\n\n\n\n<div class=\"wp-block-cover alignfull\" style=\"padding-top:var(--wp--preset--spacing--50);padding-right:var(--wp--preset--spacing--50);padding-bottom:var(--wp--preset--spacing--50);padding-left:var(--wp--preset--spacing--50)\"><span aria-hidden=\"true\" class=\"wp-block-cover__background has-ast-global-color-4-background-color has-background-dim-100 has-background-dim\"><\/span><div class=\"wp-block-cover__inner-container is-layout-constrained wp-container-core-cover-is-layout-f611be13 wp-block-cover-is-layout-constrained\">\n<h2 class=\"wp-block-heading has-text-align-center has-ast-global-color-2-color has-text-color has-link-color has-large-font-size wp-elements-19c9f07b2ec33145f174bf724c8205c5\" style=\"font-style:normal;font-weight:700\">Tu refugio frente al Cant\u00e1brico<\/h2>\n\n\n\n<p class=\"has-text-align-center has-ast-global-color-3-color has-text-color has-link-color wp-elements-ba416f4caaeded5dd569997cf5f2c0bc\">Dise\u00f1ada para quienes buscan la calma absoluta en un entorno privilegiado.<\/p>\n\n\n\n<div class=\"wp-block-columns is-layout-flex wp-container-core-columns-is-layout-28f84493 wp-block-columns-is-layout-flex\">\n<div class=\"wp-block-column is-layout-flow wp-block-column-is-layout-flow\">\n<div class=\"wp-block-group has-border-color has-ast-global-color-5-background-color has-background is-layout-constrained wp-container-core-group-is-layout-0b691c38 wp-block-group-is-layout-constrained\" style=\"border-color:#aaa6b63d;border-top-left-radius:5px;border-top-right-radius:5px;border-bottom-left-radius:5px;border-bottom-right-radius:35px;min-height:100%;padding-top:15px;padding-right:15px;padding-bottom:15px;padding-left:15px\">      \n\t\t\t<div class=\"uagb-icon-wrapper uagb-block-3781c1d1      \"\n\t\t\tstyle=\"\" >\n\t\t\t\t\t\t\t\t\t<span class=\"uagb-svg-wrapper\" \n\t\t\t\t\t aria-label=\"umbrella-beach\"\t\t\t\t\ttabindex=\"0\">\t\t\n\t\t\t\t\t\t\t\t\t\t<svg xmlns=\"https:\/\/www.w3.org\/2000\/svg\" viewBox= \"0 0 640 512\" role=\"graphics-symbol\" aria-hidden=\"false\" aria-label=\"\"><path d=\"M115.4 136.8l102.1 37.35c35.13-81.62 86.25-144.4 139-173.7c-95.88-4.875-188.8 36.96-248.5 111.7C101.2 120.6 105.2 133.2 115.4 136.8zM247.6 185l238.5 86.87c35.75-121.4 18.62-231.6-42.63-253.9c-7.375-2.625-15.12-4.062-23.12-4.062C362.4 13.88 292.1 83.13 247.6 185zM521.5 60.51c6.25 16.25 10.75 34.62 13.13 55.25c5.75 49.87-1.376 108.1-18.88 166.9l102.6 37.37c10.13 3.75 21.25-3.375 21.5-14.12C642.3 210.1 598 118.4 521.5 60.51zM528 448h-207l65-178.5l-60.13-21.87l-72.88 200.4H48C21.49 448 0 469.5 0 496C0 504.8 7.163 512 16 512h544c8.837 0 16-7.163 16-15.1C576 469.5 554.5 448 528 448z\"><\/path><\/svg>\n\t\t\t\t\t\t\t\t\t<\/span>\n\t\t\t\t\t\t\t<\/div>\n\t\t\t\n\n\n<h3 class=\"wp-block-heading has-ast-global-color-2-color has-text-color has-link-color has-medium-font-size wp-elements-afbd3e9085345300f7cda4cea02151f1\" style=\"line-height:1.3\"><strong>ACCESO DIRECTO A LA PLAYA<\/strong><\/h3>\n\n\n\n<p style=\"font-size:15px;line-height:1.4\">Acceso directo y privado a la arena del Arenal de Mor\u00eds a trav\u00e9s de un sendero exclusivo que te permite olvidarte del coche.<\/p>\n<\/div>\n<\/div>\n\n\n\n<div class=\"wp-block-column is-layout-flow wp-block-column-is-layout-flow\">\n<div class=\"wp-block-group has-border-color has-ast-global-color-5-background-color has-background is-layout-constrained wp-container-core-group-is-layout-0b691c38 wp-block-group-is-layout-constrained\" style=\"border-color:#aaa6b63d;border-top-left-radius:5px;border-top-right-radius:5px;border-bottom-left-radius:5px;border-bottom-right-radius:35px;padding-top:15px;padding-right:15px;padding-bottom:15px;padding-left:15px\">      \n\t\t\t<div class=\"uagb-icon-wrapper uagb-block-c17dbc3a      \"\n\t\t\tstyle=\"\" >\n\t\t\t\t\t\t\t\t\t<span class=\"uagb-svg-wrapper\" \n\t\t\t\t\t aria-label=\"binoculars\"\t\t\t\t\ttabindex=\"0\">\t\t\n\t\t\t\t\t\t\t\t\t\t<svg xmlns=\"https:\/\/www.w3.org\/2000\/svg\" viewBox= \"0 0 512 512\" role=\"graphics-symbol\" aria-hidden=\"false\" aria-label=\"\"><path d=\"M416 48C416 39.13 408.9 32 400 32h-64C327.1 32 320 39.13 320 48V96h96.04L416 48zM63.88 160.1C61.34 253.9 3.5 274.3 0 404V448c0 17.6 14.4 32 32 32h128c17.6 0 32-14.4 32-32V128H95.88C78.26 128 64.35 142.5 63.88 160.1zM448.1 160.1C447.6 142.5 433.7 128 416.1 128H320v320c0 17.6 14.4 32 32 32h128c17.6 0 32-14.4 32-32v-44C508.5 274.3 450.7 253.9 448.1 160.1zM224 288h64V128H224V288zM176 32h-64C103.1 32 96 39.13 96 48L95.96 96H192V48C192 39.13 184.9 32 176 32z\"><\/path><\/svg>\n\t\t\t\t\t\t\t\t\t<\/span>\n\t\t\t\t\t\t\t<\/div>\n\t\t\t\n\n\n<h3 class=\"wp-block-heading has-ast-global-color-2-color has-text-color has-link-color has-medium-font-size wp-elements-3abc20e2422d3874d5194caa5f5942d0\" style=\"line-height:1.3\"><strong>VISTAS DE 180 GRADOS<\/strong><\/h3>\n\n\n\n<p style=\"font-size:15px;line-height:1.4\">Arquitectura integrada en el paisaje para disfrutar del mar y la costa de Caravia desde cualquier estancia.<\/p>\n<\/div>\n<\/div>\n\n\n\n<div class=\"wp-block-column is-layout-flow wp-block-column-is-layout-flow\">\n<div class=\"wp-block-group has-border-color has-ast-global-color-5-background-color has-background is-layout-constrained wp-container-core-group-is-layout-0b691c38 wp-block-group-is-layout-constrained\" style=\"border-color:#aaa6b63d;border-top-left-radius:5px;border-top-right-radius:5px;border-bottom-left-radius:5px;border-bottom-right-radius:35px;min-height:100%;padding-top:15px;padding-right:15px;padding-bottom:15px;padding-left:15px\">      \n\t\t\t<div class=\"uagb-icon-wrapper uagb-block-7f0ba017      \"\n\t\t\tstyle=\"\" >\n\t\t\t\t\t\t\t\t\t<span class=\"uagb-svg-wrapper\" \n\t\t\t\t\t aria-label=\"leaf\"\t\t\t\t\ttabindex=\"0\">\t\t\n\t\t\t\t\t\t\t\t\t\t<svg xmlns=\"https:\/\/www.w3.org\/2000\/svg\" viewBox= \"0 0 512 512\" role=\"graphics-symbol\" aria-hidden=\"false\" aria-label=\"\"><path d=\"M512 165.4c0 127.9-70.05 235.3-175.3 270.1c-20.04 7.938-41.83 12.46-64.69 12.46c-64.9 0-125.2-36.51-155.7-94.47c-54.13 49.93-68.71 107-68.96 108.1C44.72 472.6 34.87 480 24.02 480c-1.844 0-3.727-.2187-5.602-.6562c-12.89-3.098-20.84-16.08-17.75-28.96c9.598-39.5 90.47-226.4 335.3-226.4C344.8 224 352 216.8 352 208S344.8 192 336 192C228.6 192 151 226.6 96.29 267.6c.1934-10.82 1.242-21.84 3.535-33.05c13.47-65.81 66.04-119 131.4-134.2c28.33-6.562 55.68-6.013 80.93-.0054c56 13.32 118.2-7.412 149.3-61.24c5.664-9.828 20.02-9.516 24.66 .8282C502.7 76.76 512 121.9 512 165.4z\"><\/path><\/svg>\n\t\t\t\t\t\t\t\t\t<\/span>\n\t\t\t\t\t\t\t<\/div>\n\t\t\t\n\n\n<h3 class=\"wp-block-heading has-ast-global-color-2-color has-text-color has-link-color has-medium-font-size wp-elements-bd5239a129ca6ec16f3e85f51521010e\" style=\"line-height:1.3\"><strong>PRIVACIDAD ABSOLUTA<\/strong><\/h3>\n\n\n\n<p style=\"font-size:15px;line-height:1.4\">Un refugio independiente y totalmente equipado donde el \u00fanico sonido es el de las olas.<\/p>\n<\/div>\n<\/div>\n<\/div>\n<\/div><\/div>\n\n\n\n<div class=\"wp-block-group alignfull has-ast-global-color-5-color has-ast-global-color-2-background-color has-text-color has-background has-link-color wp-elements-f863b794e4509f0fd1f2fd54fc5463a8 is-layout-flow wp-block-group-is-layout-flow\">\n<div class=\"wp-block-media-text alignfull has-media-on-the-right is-stacked-on-mobile\"><div class=\"wp-block-media-text__content\">\n<div class=\"wp-block-columns is-layout-flex wp-container-core-columns-is-layout-28f84493 wp-block-columns-is-layout-flex\">\n<div class=\"wp-block-column is-layout-constrained wp-container-core-column-is-layout-b8b2d035 wp-block-column-is-layout-constrained\">\n<h2 class=\"wp-block-heading has-ast-global-color-5-color has-text-color has-link-color has-x-large-font-size wp-elements-231ec5c1552e3e67aa62732d786fea89\" style=\"font-style:normal;font-weight:600;text-transform:none\">Un refugio privado dise\u00f1ado para el descanso<\/h2>\n\n\n\n<p style=\"font-size:16px\">Nuestra casa no es solo un alojamiento, es una experiencia para los sentidos.<\/p>\n\n\n\n<p style=\"font-size:16px\">Con una capacidad para [X] personas, cada rinc\u00f3n ha sido pensado para enmarcar las vistas al Cant\u00e1brico de nuestra casa rural en Caravia<\/p>\n\n\n\n<p style=\"font-size:16px\">Desde el sal\u00f3n acristalado hasta los dormitorios de dise\u00f1o minimalista, aqu\u00ed el lujo es el silencio y la luz natural que inunda cada estancia.<\/p>\n\n\n\n<div class=\"wp-block-buttons is-content-justification-center is-layout-flex wp-container-core-buttons-is-layout-57ba388b wp-block-buttons-is-layout-flex\" style=\"margin-top:0px;margin-bottom:0px\">\n<div class=\"wp-block-button\"><a class=\"wp-block-button__link has-ast-global-color-5-color has-ast-global-color-7-background-color has-text-color has-background has-medium-font-size has-custom-font-size wp-element-button\" style=\"border-radius:5px;padding-top:13px;padding-right:35px;padding-bottom:13px;padding-left:35px;font-style:normal;font-weight:600;text-transform:uppercase\" rel=\"#\">reservar<\/a><\/div>\n<\/div>\n<\/div>\n<\/div>\n<\/div><figure class=\"wp-block-media-text__media\"><img loading=\"lazy\" decoding=\"async\" width=\"1024\" height=\"707\" src=\"https:\/\/casaparticular.es\/wp-content\/uploads\/2025\/12\/casa-particular-terraza-1024x707.jpeg\" alt=\"\" class=\"wp-image-47 size-full\" srcset=\"https:\/\/casaparticular.es\/wp-content\/uploads\/2025\/12\/casa-particular-terraza-1024x707.jpeg 1024w, https:\/\/casaparticular.es\/wp-content\/uploads\/2025\/12\/casa-particular-terraza-300x207.jpeg 300w, https:\/\/casaparticular.es\/wp-content\/uploads\/2025\/12\/casa-particular-terraza-768x530.jpeg 768w, https:\/\/casaparticular.es\/wp-content\/uploads\/2025\/12\/casa-particular-terraza-1536x1061.jpeg 1536w, https:\/\/casaparticular.es\/wp-content\/uploads\/2025\/12\/casa-particular-terraza.jpeg 2048w\" sizes=\"auto, (max-width: 1024px) 100vw, 1024px\" \/><\/figure><\/div>\n<\/div>\n\n\n\n<div class=\"wp-block-group alignfull has-ast-global-color-5-background-color has-background is-layout-constrained wp-container-core-group-is-layout-f611be13 wp-block-group-is-layout-constrained\" style=\"padding-top:var(--wp--preset--spacing--50);padding-right:var(--wp--preset--spacing--50);padding-bottom:var(--wp--preset--spacing--50);padding-left:var(--wp--preset--spacing--50)\">\n<h2 class=\"wp-block-heading has-text-align-center has-ast-global-color-2-color has-text-color has-link-color has-large-font-size wp-elements-8d79cd22e16085814b0fab9ba9696f94\" style=\"font-style:normal;font-weight:700\">Donde el jard\u00edn se funde con la arena<\/h2>\n\n\n\n<p class=\"has-text-align-center has-ast-global-color-3-color has-text-color has-link-color wp-elements-90d86d6d7c97db990a633b28f07d1729\">Desde el primer caf\u00e9 con el amanecer dorado sobre el Cant\u00e1brico hasta ese \u00faltimo paseo descalzo al atardecer.<\/p>\n\n\n\n<p class=\"has-text-align-center has-ast-global-color-3-color has-text-color has-link-color wp-elements-9f230a8fb298026f09a29a995e12601f\">Vive la exclusividad de un refugio donde el sonido de las olas es tu banda sonora y la playa del Arenal de Mor\u00eds se convierte en una extensi\u00f3n de tu propio hogar.<\/p>\n\n\n\t\t\t\t\t<div\n\t\t\t\t\t\tclass=\"wp-block-uagb-image-gallery uagb-block-cb2f53f5     \"\n\t\t\t\t\t\tstyle=\"\"\n\t\t\t\t\t>\n\t\t\t\t\t\t\t\t\t\t\t<div class=\"spectra-image-gallery spectra-image-gallery__layout--grid spectra-image-gallery__layout--grid-col-3 spectra-image-gallery__layout--grid-col-tab-3 spectra-image-gallery__layout--grid-col-mob-2\">\n\t\t\t\t\t\t\t\t\t\t\t<div class='spectra-image-gallery__media-wrapper' data-spectra-gallery-image-id='51' tabindex=\"0\">\n\t\t\t\t\t\t\t<div class=\"spectra-image-gallery__media spectra-image-gallery__media--grid\">\n\t\t\t\t<picture>\n\t\t\t\t\t<source media=\"(min-width: 1024px)\" srcset=\"https:\/\/casaparticular.es\/wp-content\/uploads\/2025\/12\/arenal-de-moris-2-1024x276.jpeg\">\n\t\t\t\t\t<source media=\"(min-width: 768px)\" srcset=\"https:\/\/casaparticular.es\/wp-content\/uploads\/2025\/12\/arenal-de-moris-2-1024x276.jpeg\">\n\t\t\t\t\t<img decoding=\"async\" class=\"spectra-image-gallery__media-thumbnail spectra-image-gallery__media-thumbnail--grid\" src=\"https:\/\/casaparticular.es\/wp-content\/uploads\/2025\/12\/arenal-de-moris-2-300x81.jpeg\" alt=\"Amanecer panor\u00e1mico sobre el mar Cant\u00e1brico y la playa Arenal de Mor\u00eds desde el jard\u00edn de la casa\" \/>\n\t\t\t\t<\/picture>\n\t\t\t\t<div class=\"spectra-image-gallery__media-thumbnail-blurrer\"><\/div>\n\t\t\t\t\t\t\t\t\t\t\t<div class=\"spectra-image-gallery__media-thumbnail-caption-wrapper spectra-image-gallery__media-thumbnail-caption-wrapper--overlay\"><\/div>\n\t\t\t\t\t\t\t\t<\/div>\n\t\t\t\t\t\t<\/div>\n\t\t\t\t\t\t<div class='spectra-image-gallery__media-wrapper' data-spectra-gallery-image-id='50' tabindex=\"0\">\n\t\t\t\t\t\t\t<div class=\"spectra-image-gallery__media spectra-image-gallery__media--grid\">\n\t\t\t\t<picture>\n\t\t\t\t\t<source media=\"(min-width: 1024px)\" srcset=\"https:\/\/casaparticular.es\/wp-content\/uploads\/2025\/12\/arco-iris-arenal-de-moris-1024x768.jpeg\">\n\t\t\t\t\t<source media=\"(min-width: 768px)\" srcset=\"https:\/\/casaparticular.es\/wp-content\/uploads\/2025\/12\/arco-iris-arenal-de-moris-1024x768.jpeg\">\n\t\t\t\t\t<img decoding=\"async\" class=\"spectra-image-gallery__media-thumbnail spectra-image-gallery__media-thumbnail--grid\" src=\"https:\/\/casaparticular.es\/wp-content\/uploads\/2025\/12\/arco-iris-arenal-de-moris-300x225.jpeg\" alt=\"Vistas del mar Cant\u00e1brico con arco\u00edris desde el refugio frente a la costa asturiana\" \/>\n\t\t\t\t<\/picture>\n\t\t\t\t<div class=\"spectra-image-gallery__media-thumbnail-blurrer\"><\/div>\n\t\t\t\t\t\t\t\t\t\t\t<div class=\"spectra-image-gallery__media-thumbnail-caption-wrapper spectra-image-gallery__media-thumbnail-caption-wrapper--overlay\"><\/div>\n\t\t\t\t\t\t\t\t<\/div>\n\t\t\t\t\t\t<\/div>\n\t\t\t\t\t\t<div class='spectra-image-gallery__media-wrapper' data-spectra-gallery-image-id='47' tabindex=\"0\">\n\t\t\t\t\t\t\t<div class=\"spectra-image-gallery__media spectra-image-gallery__media--grid\">\n\t\t\t\t<picture>\n\t\t\t\t\t<source media=\"(min-width: 1024px)\" srcset=\"https:\/\/casaparticular.es\/wp-content\/uploads\/2025\/12\/casa-particular-terraza-1024x707.jpeg\">\n\t\t\t\t\t<source media=\"(min-width: 768px)\" srcset=\"https:\/\/casaparticular.es\/wp-content\/uploads\/2025\/12\/casa-particular-terraza-1024x707.jpeg\">\n\t\t\t\t\t<img decoding=\"async\" class=\"spectra-image-gallery__media-thumbnail spectra-image-gallery__media-thumbnail--grid\" src=\"https:\/\/casaparticular.es\/wp-content\/uploads\/2025\/12\/casa-particular-terraza-300x207.jpeg\" alt=\"Zona de comedor exterior con mesa de madera y vistas despejadas al mar en casa de lujo en Asturias\" \/>\n\t\t\t\t<\/picture>\n\t\t\t\t<div class=\"spectra-image-gallery__media-thumbnail-blurrer\"><\/div>\n\t\t\t\t\t\t\t\t\t\t\t<div class=\"spectra-image-gallery__media-thumbnail-caption-wrapper spectra-image-gallery__media-thumbnail-caption-wrapper--overlay\"><\/div>\n\t\t\t\t\t\t\t\t<\/div>\n\t\t\t\t\t\t<\/div>\n\t\t\t\t\t\t<div class='spectra-image-gallery__media-wrapper' data-spectra-gallery-image-id='53' tabindex=\"0\">\n\t\t\t\t\t\t\t<div class=\"spectra-image-gallery__media spectra-image-gallery__media--grid\">\n\t\t\t\t<picture>\n\t\t\t\t\t<source media=\"(min-width: 1024px)\" srcset=\"https:\/\/casaparticular.es\/wp-content\/uploads\/2025\/12\/picos-de-europa-1024x556.jpeg\">\n\t\t\t\t\t<source media=\"(min-width: 768px)\" srcset=\"https:\/\/casaparticular.es\/wp-content\/uploads\/2025\/12\/picos-de-europa-1024x556.jpeg\">\n\t\t\t\t\t<img decoding=\"async\" class=\"spectra-image-gallery__media-thumbnail spectra-image-gallery__media-thumbnail--grid\" src=\"https:\/\/casaparticular.es\/wp-content\/uploads\/2025\/12\/picos-de-europa-300x163.jpeg\" alt=\"Paisaje de la Sierra del Sueve con nubes bajas visto desde la ubicaci\u00f3n privilegiada de la casa\" \/>\n\t\t\t\t<\/picture>\n\t\t\t\t<div class=\"spectra-image-gallery__media-thumbnail-blurrer\"><\/div>\n\t\t\t\t\t\t\t\t\t\t\t<div class=\"spectra-image-gallery__media-thumbnail-caption-wrapper spectra-image-gallery__media-thumbnail-caption-wrapper--overlay\"><\/div>\n\t\t\t\t\t\t\t\t<\/div>\n\t\t\t\t\t\t<\/div>\n\t\t\t\t\t\t<div class='spectra-image-gallery__media-wrapper' data-spectra-gallery-image-id='25' tabindex=\"0\">\n\t\t\t\t\t\t\t<div class=\"spectra-image-gallery__media spectra-image-gallery__media--grid\">\n\t\t\t\t<picture>\n\t\t\t\t\t<source media=\"(min-width: 1024px)\" srcset=\"https:\/\/casaparticular.es\/wp-content\/uploads\/2025\/12\/arenal-de-moris-1024x612.jpeg\">\n\t\t\t\t\t<source media=\"(min-width: 768px)\" srcset=\"https:\/\/casaparticular.es\/wp-content\/uploads\/2025\/12\/arenal-de-moris-1024x612.jpeg\">\n\t\t\t\t\t<img decoding=\"async\" class=\"spectra-image-gallery__media-thumbnail spectra-image-gallery__media-thumbnail--grid\" src=\"https:\/\/casaparticular.es\/wp-content\/uploads\/2025\/12\/arenal-de-moris-300x179.jpeg\" alt=\"Entrada exclusiva a la playa Arenal de Mor\u00eds a trav\u00e9s de la vegetaci\u00f3n natural del entorno de la casa.\" \/>\n\t\t\t\t<\/picture>\n\t\t\t\t<div class=\"spectra-image-gallery__media-thumbnail-blurrer\"><\/div>\n\t\t\t\t\t\t\t\t\t\t\t<div class=\"spectra-image-gallery__media-thumbnail-caption-wrapper spectra-image-gallery__media-thumbnail-caption-wrapper--overlay\"><\/div>\n\t\t\t\t\t\t\t\t<\/div>\n\t\t\t\t\t\t<\/div>\n\t\t\t\t\t\t<div class='spectra-image-gallery__media-wrapper' data-spectra-gallery-image-id='52' tabindex=\"0\">\n\t\t\t\t\t\t\t<div class=\"spectra-image-gallery__media spectra-image-gallery__media--grid\">\n\t\t\t\t<picture>\n\t\t\t\t\t<source media=\"(min-width: 1024px)\" srcset=\"https:\/\/casaparticular.es\/wp-content\/uploads\/2025\/12\/paseo-por-caravia-1024x669.jpeg\">\n\t\t\t\t\t<source media=\"(min-width: 768px)\" srcset=\"https:\/\/casaparticular.es\/wp-content\/uploads\/2025\/12\/paseo-por-caravia-1024x669.jpeg\">\n\t\t\t\t\t<img decoding=\"async\" class=\"spectra-image-gallery__media-thumbnail spectra-image-gallery__media-thumbnail--grid\" src=\"https:\/\/casaparticular.es\/wp-content\/uploads\/2025\/12\/paseo-por-caravia-300x196.jpeg\" alt=\"Hu\u00e9sped paseando por el sendero privado que conecta la casa directamente con la arena de la playa\" \/>\n\t\t\t\t<\/picture>\n\t\t\t\t<div class=\"spectra-image-gallery__media-thumbnail-blurrer\"><\/div>\n\t\t\t\t\t\t\t\t\t\t\t<div class=\"spectra-image-gallery__media-thumbnail-caption-wrapper spectra-image-gallery__media-thumbnail-caption-wrapper--overlay\"><\/div>\n\t\t\t\t\t\t\t\t<\/div>\n\t\t\t\t\t\t<\/div>\n\t\t\t\t\t\t\t\t\t\t<\/div>\n\t\t\t\t\t\t\t\t\t\t\t\t\t\t\t\t\t\t<\/div>\n\t\t\t\t\t\t\t\t\t\t\t<div class='spectra-image-gallery__control-lightbox' tabindex='0'>\n\t\t\t\t\t\t\t\t\t\t\t<div class=\"swiper spectra-image-gallery__control-lightbox--main\" dir=\"\">\n\t\t\t\t\t<div class=\"swiper-wrapper\">\n\t\t\t\t\t\t\t\t\t\t\t\t\t\n\t\t\t\t\t\t\t<div class=\"swiper-slide\">\n\t\t\t\t\t\t\t\t<img class=\"swiper-lazy\" data-src=\"https:\/\/casaparticular.es\/wp-content\/uploads\/2025\/12\/arenal-de-moris-2.jpeg\" alt=\"Amanecer panor\u00e1mico sobre el mar Cant\u00e1brico y la playa Arenal de Mor\u00eds desde el jard\u00edn de la casa\"\/>\n\t\t\t\t\t\t\t\t<div class=\"swiper-lazy-preloader swiper-lazy-preloader-white\"><\/div>\n\t\t\t\t\t\t\t\t\t\t\t\t\t\t\t<\/div>\n\t\t\t\t\t\t\t\t\t\t\t\t\t\n\t\t\t\t\t\t\t<div class=\"swiper-slide\">\n\t\t\t\t\t\t\t\t<img class=\"swiper-lazy\" data-src=\"https:\/\/casaparticular.es\/wp-content\/uploads\/2025\/12\/arco-iris-arenal-de-moris.jpeg\" alt=\"Vistas del mar Cant\u00e1brico con arco\u00edris desde el refugio frente a la costa asturiana\"\/>\n\t\t\t\t\t\t\t\t<div class=\"swiper-lazy-preloader swiper-lazy-preloader-white\"><\/div>\n\t\t\t\t\t\t\t\t\t\t\t\t\t\t\t<\/div>\n\t\t\t\t\t\t\t\t\t\t\t\t\t\n\t\t\t\t\t\t\t<div class=\"swiper-slide\">\n\t\t\t\t\t\t\t\t<img class=\"swiper-lazy\" data-src=\"https:\/\/casaparticular.es\/wp-content\/uploads\/2025\/12\/casa-particular-terraza.jpeg\" alt=\"Zona de comedor exterior con mesa de madera y vistas despejadas al mar en casa de lujo en Asturias\"\/>\n\t\t\t\t\t\t\t\t<div class=\"swiper-lazy-preloader swiper-lazy-preloader-white\"><\/div>\n\t\t\t\t\t\t\t\t\t\t\t\t\t\t\t<\/div>\n\t\t\t\t\t\t\t\t\t\t\t\t\t\n\t\t\t\t\t\t\t<div class=\"swiper-slide\">\n\t\t\t\t\t\t\t\t<img class=\"swiper-lazy\" data-src=\"https:\/\/casaparticular.es\/wp-content\/uploads\/2025\/12\/picos-de-europa.jpeg\" alt=\"Paisaje de la Sierra del Sueve con nubes bajas visto desde la ubicaci\u00f3n privilegiada de la casa\"\/>\n\t\t\t\t\t\t\t\t<div class=\"swiper-lazy-preloader swiper-lazy-preloader-white\"><\/div>\n\t\t\t\t\t\t\t\t\t\t\t\t\t\t\t<\/div>\n\t\t\t\t\t\t\t\t\t\t\t\t\t\n\t\t\t\t\t\t\t<div class=\"swiper-slide\">\n\t\t\t\t\t\t\t\t<img class=\"swiper-lazy\" data-src=\"https:\/\/casaparticular.es\/wp-content\/uploads\/2025\/12\/arenal-de-moris.jpeg\" alt=\"Entrada exclusiva a la playa Arenal de Mor\u00eds a trav\u00e9s de la vegetaci\u00f3n natural del entorno de la casa.\"\/>\n\t\t\t\t\t\t\t\t<div class=\"swiper-lazy-preloader swiper-lazy-preloader-white\"><\/div>\n\t\t\t\t\t\t\t\t\t\t\t\t\t\t\t<\/div>\n\t\t\t\t\t\t\t\t\t\t\t\t\t\n\t\t\t\t\t\t\t<div class=\"swiper-slide\">\n\t\t\t\t\t\t\t\t<img class=\"swiper-lazy\" data-src=\"https:\/\/casaparticular.es\/wp-content\/uploads\/2025\/12\/paseo-por-caravia.jpeg\" alt=\"Hu\u00e9sped paseando por el sendero privado que conecta la casa directamente con la arena de la playa\"\/>\n\t\t\t\t\t\t\t\t<div class=\"swiper-lazy-preloader swiper-lazy-preloader-white\"><\/div>\n\t\t\t\t\t\t\t\t\t\t\t\t\t\t\t<\/div>\n\t\t\t\t\t\t\t\t\t\t\t<\/div>\n\t\t\t\t\t<div class=\"swiper-button-next\"><\/div>\n\t\t\t\t\t<div class=\"swiper-button-prev\"><\/div>\n\t\t\t\t<\/div>\t\t\t\n\t\t\t\t\t\t\t\t\t\t\t\t\t\t\t\t\t\t\t\t\t\t\t\t\t\t\t\t\t\t\t\t<button class='spectra-image-gallery__control-lightbox--close' aria-label=\"Close\">\n\t\t\t\t\t\t\t\t\t\t\t\t\t<svg xmlns=\"https:\/\/www.w3.org\/2000\/svg\" viewBox= \"0 0 320 512\"><path d=\"M310.6 361.4c12.5 12.5 12.5 32.75 0 45.25C304.4 412.9 296.2 416 288 416s-16.38-3.125-22.62-9.375L160 301.3L54.63 406.6C48.38 412.9 40.19 416 32 416S15.63 412.9 9.375 406.6c-12.5-12.5-12.5-32.75 0-45.25l105.4-105.4L9.375 150.6c-12.5-12.5-12.5-32.75 0-45.25s32.75-12.5 45.25 0L160 210.8l105.4-105.4c12.5-12.5 32.75-12.5 45.25 0s12.5 32.75 0 45.25l-105.4 105.4L310.6 361.4z\"><\/path><\/svg>\n\t\t\t\t\t\t\t\t\t\t\t\t<\/button>\n\t\t\t\t\t\t\t\t\t\t\t\t\t<\/div>\n\t\t\t\t\t\t\t\t\t<\/div>\n\n\n\n<div class=\"wp-block-cover alignfull\" style=\"padding-top:var(--wp--preset--spacing--50);padding-right:var(--wp--preset--spacing--50);padding-bottom:var(--wp--preset--spacing--50);padding-left:var(--wp--preset--spacing--50)\"><span aria-hidden=\"true\" class=\"wp-block-cover__background has-ast-global-color-6-background-color has-background-dim-100 has-background-dim\"><\/span><div class=\"wp-block-cover__inner-container is-layout-constrained wp-container-core-cover-is-layout-f611be13 wp-block-cover-is-layout-constrained\">\n<h2 class=\"wp-block-heading has-text-align-center has-ast-global-color-2-color has-text-color has-link-color has-large-font-size wp-elements-4497310ed45bd90b3a1116f7f1c3a9aa\" style=\"font-style:normal;font-weight:700\">Detalles que definen la exclusividad<\/h2>\n\n\n\n<p class=\"has-text-align-center has-ast-global-color-3-color has-text-color has-link-color wp-elements-6a32ae2db34a3cb55dae6e3b0c36f0a6\">Equipamiento de alta gama dise\u00f1ado para un confort absoluto en la costa de Caravia.<\/p>\n\n\n\n<div class=\"wp-block-columns is-layout-flex wp-container-core-columns-is-layout-28f84493 wp-block-columns-is-layout-flex\">\n<div class=\"wp-block-column is-layout-flow wp-block-column-is-layout-flow\">\n<div class=\"wp-block-group has-border-color has-ast-global-color-5-background-color has-background is-layout-constrained wp-container-core-group-is-layout-0b691c38 wp-block-group-is-layout-constrained\" style=\"border-color:#aaa6b63d;border-top-left-radius:5px;border-top-right-radius:5px;border-bottom-left-radius:5px;border-bottom-right-radius:5px;min-height:100%;padding-top:15px;padding-right:15px;padding-bottom:15px;padding-left:15px\">      \n\t\t\t<div class=\"uagb-icon-wrapper uagb-block-81b28442      \"\n\t\t\tstyle=\"\" >\n\t\t\t\t\t\t\t\t\t<span class=\"uagb-svg-wrapper\" \n\t\t\t\t\t aria-label=\"kitchen-set\"\t\t\t\t\ttabindex=\"0\">\t\t\n\t\t\t\t\t\t\t\t\t\t<svg xmlns=\"https:\/\/www.w3.org\/2000\/svg\" viewBox= \"0 0 576 512\" role=\"graphics-symbol\" aria-hidden=\"false\" aria-label=\"\"><path d=\"M80 144C80 108.7 108.7 80 144 80C179.3 80 208 108.7 208 144C208 179.3 179.3 208 144 208C108.7 208 80 179.3 80 144zM284.4 176C269.9 240.1 212.5 288 144 288C64.47 288 0 223.5 0 144C0 64.47 64.47 0 144 0C212.5 0 269.9 47.87 284.4 112H356.2C365 102.2 377.8 96 392 96H496C522.5 96 544 117.5 544 144C544 170.5 522.5 192 496 192H392C377.8 192 365 185.8 356.2 176H284.4zM144 48C90.98 48 48 90.98 48 144C48 197 90.98 240 144 240C197 240 240 197 240 144C240 90.98 197 48 144 48zM424 264V272H520C533.3 272 544 282.7 544 296C544 309.3 533.3 320 520 320H280C266.7 320 256 309.3 256 296C256 282.7 266.7 272 280 272H376V264C376 250.7 386.7 240 400 240C413.3 240 424 250.7 424 264zM288 464V352H512V464C512 490.5 490.5 512 464 512H336C309.5 512 288 490.5 288 464zM176 320C202.5 320 224 341.5 224 368C224 394.5 202.5 416 176 416H160C160 433.7 145.7 448 128 448H64C46.33 448 32 433.7 32 416V336C32 327.2 39.16 320 48 320H176zM192 368C192 359.2 184.8 352 176 352H160V384H176C184.8 384 192 376.8 192 368zM200 464C213.3 464 224 474.7 224 488C224 501.3 213.3 512 200 512H24C10.75 512 0 501.3 0 488C0 474.7 10.75 464 24 464H200z\"><\/path><\/svg>\n\t\t\t\t\t\t\t\t\t<\/span>\n\t\t\t\t\t\t\t<\/div>\n\t\t\t\n\n\n<h3 class=\"wp-block-heading has-text-align-center has-ast-global-color-2-color has-text-color has-link-color has-medium-font-size wp-elements-2c33e556c303d48d9cbfb459beb0f02b\" style=\"line-height:1.3;text-transform:capitalize\"><strong>Cocina de Autor<\/strong><\/h3>\n\n\n\n<p class=\"has-text-align-center\" style=\"font-size:15px;line-height:1.4\">Totalmente equipada con electrodom\u00e9sticos de \u00faltima generaci\u00f3n, menaje completo y todo lo necesario para disfrutar de la gastronom\u00eda local en casa.<\/p>\n<\/div>\n<\/div>\n\n\n\n<div class=\"wp-block-column is-layout-flow wp-block-column-is-layout-flow\">\n<div class=\"wp-block-group has-border-color has-ast-global-color-5-background-color has-background is-layout-constrained wp-container-core-group-is-layout-0b691c38 wp-block-group-is-layout-constrained\" style=\"border-color:#aaa6b63d;border-top-left-radius:5px;border-top-right-radius:5px;border-bottom-left-radius:5px;border-bottom-right-radius:5px;min-height:100%;padding-top:15px;padding-right:15px;padding-bottom:15px;padding-left:15px\">      \n\t\t\t<div class=\"uagb-icon-wrapper uagb-block-4fb0e677      \"\n\t\t\tstyle=\"\" >\n\t\t\t\t\t\t\t\t\t<span class=\"uagb-svg-wrapper\" \n\t\t\t\t\t aria-label=\"wifi\"\t\t\t\t\ttabindex=\"0\">\t\t\n\t\t\t\t\t\t\t\t\t\t<svg xmlns=\"https:\/\/www.w3.org\/2000\/svg\" viewBox= \"0 0 640 512\" role=\"graphics-symbol\" aria-hidden=\"false\" aria-label=\"\"><path d=\"M319.1 351.1c-35.35 0-64 28.66-64 64.01s28.66 64.01 64 64.01c35.34 0 64-28.66 64-64.01S355.3 351.1 319.1 351.1zM320 191.1c-70.25 0-137.9 25.6-190.5 72.03C116.3 275.7 115 295.9 126.7 309.2C138.5 322.4 158.7 323.7 171.9 312C212.8 275.9 265.4 256 320 256s107.3 19.88 148.1 56C474.2 317.4 481.8 320 489.3 320c8.844 0 17.66-3.656 24-10.81C525 295.9 523.8 275.7 510.5 264C457.9 217.6 390.3 191.1 320 191.1zM630.2 156.7C546.3 76.28 436.2 32 320 32S93.69 76.28 9.844 156.7c-12.75 12.25-13.16 32.5-.9375 45.25c12.22 12.78 32.47 13.12 45.25 .9375C125.1 133.1 220.4 96 320 96s193.1 37.97 265.8 106.9C592.1 208.8 600 211.8 608 211.8c8.406 0 16.81-3.281 23.09-9.844C643.3 189.2 642.9 168.1 630.2 156.7z\"><\/path><\/svg>\n\t\t\t\t\t\t\t\t\t<\/span>\n\t\t\t\t\t\t\t<\/div>\n\t\t\t\n\n\n<h3 class=\"wp-block-heading has-text-align-center has-ast-global-color-2-color has-text-color has-link-color has-medium-font-size wp-elements-080316584a859bdde3c2e26febe27c37\" style=\"line-height:1.3;text-transform:capitalize\"><strong>Conectividad Total<\/strong><\/h3>\n\n\n\n<p class=\"has-text-align-center\" style=\"font-size:15px;line-height:1.4\">Wi-Fi de alta velocidad (Fibra \u00f3ptica), ideal para quienes necesitan combinar el descanso con el teletrabajo frente al mar.<\/p>\n<\/div>\n<\/div>\n\n\n\n<div class=\"wp-block-column is-layout-flow wp-block-column-is-layout-flow\">\n<div class=\"wp-block-group has-border-color has-ast-global-color-5-background-color has-background is-layout-constrained wp-container-core-group-is-layout-0b691c38 wp-block-group-is-layout-constrained\" style=\"border-color:#aaa6b63d;border-top-left-radius:5px;border-top-right-radius:5px;border-bottom-left-radius:5px;border-bottom-right-radius:5px;min-height:100%;padding-top:15px;padding-right:15px;padding-bottom:15px;padding-left:15px\">      \n\t\t\t<div class=\"uagb-icon-wrapper uagb-block-75294467      \"\n\t\t\tstyle=\"\" >\n\t\t\t\t\t\t\t\t\t<span class=\"uagb-svg-wrapper\" \n\t\t\t\t\t aria-label=\"bed\"\t\t\t\t\ttabindex=\"0\">\t\t\n\t\t\t\t\t\t\t\t\t\t<svg xmlns=\"https:\/\/www.w3.org\/2000\/svg\" viewBox= \"0 0 640 512\" role=\"graphics-symbol\" aria-hidden=\"false\" aria-label=\"\"><path d=\"M176 288C220.1 288 256 252.1 256 208S220.1 128 176 128S96 163.9 96 208S131.9 288 176 288zM544 128H304C295.2 128 288 135.2 288 144V320H64V48C64 39.16 56.84 32 48 32h-32C7.163 32 0 39.16 0 48v416C0 472.8 7.163 480 16 480h32C56.84 480 64 472.8 64 464V416h512v48c0 8.837 7.163 16 16 16h32c8.837 0 16-7.163 16-16V224C640 170.1 597 128 544 128z\"><\/path><\/svg>\n\t\t\t\t\t\t\t\t\t<\/span>\n\t\t\t\t\t\t\t<\/div>\n\t\t\t\n\n\n<h3 class=\"wp-block-heading has-text-align-center has-ast-global-color-2-color has-text-color has-link-color has-medium-font-size wp-elements-b526d36ff9ed6272afd8499ff9b2817c\" style=\"line-height:1.3;text-transform:capitalize\"><strong>Descanso Premium<\/strong><\/h3>\n\n\n\n<p class=\"has-text-align-center\" style=\"font-size:15px;line-height:1.4\">Dormitorios con vistas, colchones de alta calidad y lencer\u00eda de cama de algod\u00f3n 100% para garantizar un sue\u00f1o reparador.<\/p>\n<\/div>\n<\/div>\n<\/div>\n\n\n\n<div class=\"wp-block-columns is-layout-flex wp-container-core-columns-is-layout-28f84493 wp-block-columns-is-layout-flex\">\n<div class=\"wp-block-column is-layout-flow wp-block-column-is-layout-flow\">\n<div class=\"wp-block-group has-border-color has-ast-global-color-5-background-color has-background is-layout-constrained wp-container-core-group-is-layout-0b691c38 wp-block-group-is-layout-constrained\" style=\"border-color:#aaa6b63d;border-top-left-radius:5px;border-top-right-radius:5px;border-bottom-left-radius:5px;border-bottom-right-radius:5px;min-height:100%;padding-top:15px;padding-right:15px;padding-bottom:15px;padding-left:15px\">      \n\t\t\t<div class=\"uagb-icon-wrapper uagb-block-c6f028ca      \"\n\t\t\tstyle=\"\" >\n\t\t\t\t\t\t\t\t\t<span class=\"uagb-svg-wrapper\" \n\t\t\t\t\t aria-label=\"thermometer\"\t\t\t\t\ttabindex=\"0\">\t\t\n\t\t\t\t\t\t\t\t\t\t<svg xmlns=\"https:\/\/www.w3.org\/2000\/svg\" viewBox= \"0 0 512 512\" role=\"graphics-symbol\" aria-hidden=\"false\" aria-label=\"\"><path d=\"M483.1 162.6L229.8 415.9l-99.87-.0001l-88.99 89.02c-9.249 9.377-24.5 9.377-33.87 0c-9.374-9.252-9.374-24.51 0-33.88l88.99-89.02l.0003-100.9l49.05-49.39l51.6 51.59c3.125 3.126 7.218 4.688 11.31 4.688s8.187-1.563 11.31-4.688c6.249-6.252 6.249-16.38 0-22.63L167.6 209.1l41.24-41.52l51.81 51.81c3.125 3.126 7.218 4.688 11.31 4.688s8.187-1.563 11.31-4.688c6.249-6.252 6.249-16.38 0-22.63L231.4 144.8l41.24-41.52l52.02 52.02c3.125 3.126 7.218 4.688 11.31 4.688s8.187-1.563 11.31-4.688c6.249-6.252 6.249-16.38 0-22.63l-52.09-52.09l49.68-50.02c36.37-36.51 94.37-40.88 131.9-10.25C526.2 61.11 518.9 127.8 483.1 162.6z\"><\/path><\/svg>\n\t\t\t\t\t\t\t\t\t<\/span>\n\t\t\t\t\t\t\t<\/div>\n\t\t\t\n\n\n<h3 class=\"wp-block-heading has-text-align-center has-ast-global-color-2-color has-text-color has-link-color has-medium-font-size wp-elements-6cd45f8fc5f2682d228cdb7be3d7e3a4\" style=\"line-height:1.3;text-transform:capitalize\"><strong>Climatizaci\u00f3n y Confort<\/strong><\/h3>\n\n\n\n<p class=\"has-text-align-center\" style=\"font-size:15px;line-height:1.4\">Sistema de calefacci\u00f3n centralizado (y chimenea) para disfrutar del espect\u00e1culo del Cant\u00e1brico con la m\u00e1xima calidez en cualquier \u00e9poca del a\u00f1o.<\/p>\n<\/div>\n<\/div>\n\n\n\n<div class=\"wp-block-column is-layout-flow wp-block-column-is-layout-flow\">\n<div class=\"wp-block-group has-border-color has-ast-global-color-5-background-color has-background is-layout-constrained wp-container-core-group-is-layout-0b691c38 wp-block-group-is-layout-constrained\" style=\"border-color:#aaa6b63d;border-top-left-radius:5px;border-top-right-radius:5px;border-bottom-left-radius:5px;border-bottom-right-radius:5px;min-height:100%;padding-top:15px;padding-right:15px;padding-bottom:15px;padding-left:15px\">      \n\t\t\t<div class=\"uagb-icon-wrapper uagb-block-aabe9c68      \"\n\t\t\tstyle=\"\" >\n\t\t\t\t\t\t\t\t\t<span class=\"uagb-svg-wrapper\" \n\t\t\t\t\t aria-label=\"square-parking\"\t\t\t\t\ttabindex=\"0\">\t\t\n\t\t\t\t\t\t\t\t\t\t<svg xmlns=\"https:\/\/www.w3.org\/2000\/svg\" viewBox= \"0 0 448 512\" role=\"graphics-symbol\" aria-hidden=\"false\" aria-label=\"\"><path d=\"M192 256V192H240C257.7 192 272 206.3 272 224C272 241.7 257.7 256 240 256H192zM384 32C419.3 32 448 60.65 448 96V416C448 451.3 419.3 480 384 480H64C28.65 480 0 451.3 0 416V96C0 60.65 28.65 32 64 32H384zM336 224C336 170.1 293 128 240 128H168C145.9 128 128 145.9 128 168V352C128 369.7 142.3 384 160 384C177.7 384 192 369.7 192 352V320H240C293 320 336 277 336 224z\"><\/path><\/svg>\n\t\t\t\t\t\t\t\t\t<\/span>\n\t\t\t\t\t\t\t<\/div>\n\t\t\t\n\n\n<h3 class=\"wp-block-heading has-text-align-center has-ast-global-color-2-color has-text-color has-link-color has-medium-font-size wp-elements-44a0b8c0dbe3bc4bd986e84559cc4402\" style=\"line-height:1.3;text-transform:capitalize\"><strong>Parking Privado<\/strong><\/h3>\n\n\n\n<p class=\"has-text-align-center\" style=\"font-size:15px;line-height:1.4\">Zona de aparcamiento exclusiva dentro de la propia finca, con total seguridad y acceso directo a la vivienda.<\/p>\n<\/div>\n<\/div>\n\n\n\n<div class=\"wp-block-column is-layout-flow wp-block-column-is-layout-flow\">\n<div class=\"wp-block-group has-border-color has-ast-global-color-5-background-color has-background is-layout-constrained wp-container-core-group-is-layout-0b691c38 wp-block-group-is-layout-constrained\" style=\"border-color:#aaa6b63d;border-top-left-radius:5px;border-top-right-radius:5px;border-bottom-left-radius:5px;border-bottom-right-radius:5px;min-height:100%;padding-top:15px;padding-right:15px;padding-bottom:15px;padding-left:15px\">      \n\t\t\t<div class=\"uagb-icon-wrapper uagb-block-50f7e4f6      \"\n\t\t\tstyle=\"\" >\n\t\t\t\t\t\t\t\t\t<span class=\"uagb-svg-wrapper\" \n\t\t\t\t\t aria-label=\"tree\"\t\t\t\t\ttabindex=\"0\">\t\t\n\t\t\t\t\t\t\t\t\t\t<svg xmlns=\"https:\/\/www.w3.org\/2000\/svg\" viewBox= \"0 0 448 512\" role=\"graphics-symbol\" aria-hidden=\"false\" aria-label=\"\"><path d=\"M413.8 447.1L256 448l0 31.99C256 497.7 241.8 512 224.1 512c-17.67 0-32.1-14.32-32.1-31.99l0-31.99l-158.9-.0099c-28.5 0-43.69-34.49-24.69-56.4l68.98-79.59H62.22c-25.41 0-39.15-29.8-22.67-49.13l60.41-70.85H89.21c-21.28 0-32.87-22.5-19.28-37.31l134.8-146.5c10.4-11.3 28.22-11.3 38.62-.0033l134.9 146.5c13.62 14.81 2.001 37.31-19.28 37.31h-10.77l60.35 70.86c16.46 19.34 2.716 49.12-22.68 49.12h-15.2l68.98 79.59C458.7 413.7 443.1 447.1 413.8 447.1z\"><\/path><\/svg>\n\t\t\t\t\t\t\t\t\t<\/span>\n\t\t\t\t\t\t\t<\/div>\n\t\t\t\n\n\n<h3 class=\"wp-block-heading has-text-align-center has-ast-global-color-2-color has-text-color has-link-color has-medium-font-size wp-elements-1bcd89506cf0af208c5ebf1250b62c1c\" style=\"line-height:1.3;text-transform:capitalize\"><strong>Experiencia Exterior<\/strong><\/h3>\n\n\n\n<p class=\"has-text-align-center\" style=\"font-size:15px;line-height:1.4\">Amplio jard\u00edn privado con mobiliario de dise\u00f1o y acceso directo al sendero que baja a la playa del Arenal de Mor\u00eds.<\/p>\n<\/div>\n<\/div>\n<\/div>\n<\/div><\/div>\n\n\n\n<div class=\"wp-block-group alignfull has-white-color has-ast-global-color-2-background-color has-text-color has-background has-link-color wp-elements-7caf2adea997ca7d5682792f7b3c4e2f is-layout-constrained wp-container-core-group-is-layout-b6b255b2 wp-block-group-is-layout-constrained\" style=\"padding-top:var(--wp--preset--spacing--60);padding-right:var(--wp--preset--spacing--60);padding-bottom:var(--wp--preset--spacing--60);padding-left:var(--wp--preset--spacing--60)\">\n<h2 class=\"wp-block-heading has-text-align-center has-ast-global-color-4-color has-text-color has-link-color has-large-font-size wp-elements-86c56a5d0e9422564e9b0c5d4210aa50\">Lo que necesitas saber para tu estancia<\/h2>\n\n\n\n<details class=\"wp-block-details has-medium-font-size is-layout-flow wp-block-details-is-layout-flow\"><summary>\u00bfC\u00f3mo es el acceso a la playa?<\/summary>\n<p class=\"has-medium-font-size\">Directo y privado. La finca dispone de un sendero exclusivo que te lleva a la arena del <strong>Arenal de Mor\u00eds<\/strong> en apenas dos minutos, permiti\u00e9ndote disfrutar del mar sin necesidad de coche.<\/p>\n<\/details>\n\n\n\n<details class=\"wp-block-details has-medium-font-size is-layout-flow wp-block-details-is-layout-flow\"><summary>\u00bfQu\u00e9 servicios encontrar\u00e9 en Caravia?<\/summary>\n<p class=\"has-medium-font-size\">Caravia es un entorno virgen y tranquilo, pero a pocos minutos encontrar\u00e1s restaurantes de primer nivel y servicios b\u00e1sicos. Te proporcionaremos una gu\u00eda con nuestras recomendaciones personales al confirmar tu reserva.<\/p>\n<\/details>\n\n\n\n<details class=\"wp-block-details has-medium-font-size is-layout-flow wp-block-details-is-layout-flow\"><summary>\u00bfC\u00f3mo reservo mi estancia por WhatsApp?<\/summary>\n<p class=\"has-medium-font-size\">Es el m\u00e9todo m\u00e1s \u00e1gil y cercano. Al contactarnos, resolveremos tus dudas en tiempo real y te informaremos de la disponibilidad para bloquear tus fechas de forma inmediata.<\/p>\n<\/details>\n\n\n\n<details class=\"wp-block-details has-medium-font-size is-layout-flow wp-block-details-is-layout-flow\"><summary>\u00bfLa casa es apta para estancias de trabajo?<\/summary>\n<p class=\"has-medium-font-size\">S\u00ed, contamos con conexi\u00f3n de fibra \u00f3ptica de alta velocidad en toda la casa, dise\u00f1ada para quienes buscan un entorno de paz sin renunciar a la conectividad.<\/p>\n<\/details>\n<\/div>\n\n\n\n<div class=\"wp-block-cover alignfull\" style=\"padding-top:15px;padding-right:15px;padding-bottom:15px;padding-left:15px\"><img loading=\"lazy\" decoding=\"async\" width=\"1024\" height=\"276\" class=\"wp-block-cover__image-background wp-image-51 size-large\" alt=\"Amanecer panor\u00e1mico sobre el mar Cant\u00e1brico y la playa Arenal de Mor\u00eds desde el jard\u00edn de la casa\" src=\"https:\/\/casaparticular.es\/wp-content\/uploads\/2025\/12\/arenal-de-moris-2-1024x276.jpeg\" data-object-fit=\"cover\" srcset=\"https:\/\/casaparticular.es\/wp-content\/uploads\/2025\/12\/arenal-de-moris-2-1024x276.jpeg 1024w, https:\/\/casaparticular.es\/wp-content\/uploads\/2025\/12\/arenal-de-moris-2-300x81.jpeg 300w, https:\/\/casaparticular.es\/wp-content\/uploads\/2025\/12\/arenal-de-moris-2-768x207.jpeg 768w, https:\/\/casaparticular.es\/wp-content\/uploads\/2025\/12\/arenal-de-moris-2-1536x414.jpeg 1536w, https:\/\/casaparticular.es\/wp-content\/uploads\/2025\/12\/arenal-de-moris-2.jpeg 2048w\" sizes=\"auto, (max-width: 1024px) 100vw, 1024px\" \/><span aria-hidden=\"true\" class=\"wp-block-cover__background has-black-background-color has-background-dim\"><\/span><div class=\"wp-block-cover__inner-container is-layout-flow wp-block-cover-is-layout-flow\">\n<h1 class=\"wp-block-heading has-text-align-center has-ast-global-color-5-color has-text-color has-x-large-font-size\" style=\"margin-top:0px;margin-bottom:0;padding-top:0px;padding-right:0px;padding-bottom:0px;padding-left:0px;font-style:normal;font-weight:700;text-transform:none\">Tu refugio en el Cant\u00e1brico te espera<\/h1>\n\n\n\n<p class=\"has-text-align-center has-ast-global-color-5-color has-text-color has-link-color wp-elements-bae84c6c3133203a9b982cd46107c90b\">No te limites a imaginarlo. Ven a vivir la exclusividad de Caravia desde su rinc\u00f3n m\u00e1s especial.<\/p>\n\n\n\n<div class=\"wp-block-group is-layout-constrained wp-container-core-group-is-layout-cc895cbe wp-block-group-is-layout-constrained\" style=\"border-radius:100rem;margin-top:0px;margin-bottom:0px;padding-top:0px;padding-right:0px;padding-bottom:0px;padding-left:0px\">\n<div class=\"wp-block-buttons is-content-justification-center is-layout-flex wp-container-core-buttons-is-layout-57ba388b wp-block-buttons-is-layout-flex\" style=\"margin-top:0px;margin-bottom:0px\">\n<div class=\"wp-block-button\"><a class=\"wp-block-button__link has-ast-global-color-5-color has-ast-global-color-7-background-color has-text-color has-background has-medium-font-size has-custom-font-size wp-element-button\" style=\"border-radius:5px;padding-top:13px;padding-right:35px;padding-bottom:13px;padding-left:35px;font-style:normal;font-weight:600;text-transform:uppercase\" rel=\"#\">reservar<\/a><\/div>\n<\/div>\n<\/div>\n<\/div><\/div>\n","protected":false},"excerpt":{"rendered":"<p>Un refugio privado dise\u00f1ado para el descanso Nuestra casa no es solo un alojamiento, es una experiencia para los sentidos. [&hellip;]<\/p>\n","protected":false},"author":1,"featured_media":0,"parent":0,"menu_order":0,"comment_status":"closed","ping_status":"closed","template":"","meta":{"_uag_custom_page_level_css":"","site-sidebar-layout":"no-sidebar","site-content-layout":"plain-container","ast-site-content-layout":"default","site-content-style":"default","site-sidebar-style":"default","ast-global-header-display":"","ast-banner-title-visibility":"","ast-main-header-display":"","ast-hfb-above-header-display":"","ast-hfb-below-header-display":"","ast-hfb-mobile-header-display":"","site-post-title":"disabled","ast-breadcrumbs-content":"","ast-featured-img":"","footer-sml-layout":"","ast-disable-related-posts":"","theme-transparent-header-meta":"disabled","adv-header-id-meta":"","stick-header-meta":"","header-above-stick-meta":"","header-main-stick-meta":"","header-below-stick-meta":"","astra-migrate-meta-layouts":"default","ast-page-background-enabled":"default","ast-page-background-meta":{"desktop":{"background-color":"var(--ast-global-color-5)","background-image":"","background-repeat":"repeat","background-position":"center center","background-size":"auto","background-attachment":"scroll","background-type":"","background-media":"","overlay-type":"","overlay-color":"","overlay-opacity":"","overlay-gradient":""},"tablet":{"background-color":"","background-image":"","background-repeat":"repeat","background-position":"center center","background-size":"auto","background-attachment":"scroll","background-type":"","background-media":"","overlay-type":"","overlay-color":"","overlay-opacity":"","overlay-gradient":""},"mobile":{"background-color":"","background-image":"","background-repeat":"repeat","background-position":"center center","background-size":"auto","background-attachment":"scroll","background-type":"","background-media":"","overlay-type":"","overlay-color":"","overlay-opacity":"","overlay-gradient":""}},"ast-content-background-meta":{"desktop":{"background-color":"var(--ast-global-color-4)","background-image":"","background-repeat":"repeat","background-position":"center center","background-size":"auto","background-attachment":"scroll","background-type":"","background-media":"","overlay-type":"","overlay-color":"","overlay-opacity":"","overlay-gradient":""},"tablet":{"background-color":"var(--ast-global-color-4)","background-image":"","background-repeat":"repeat","background-position":"center center","background-size":"auto","background-attachment":"scroll","background-type":"","background-media":"","overlay-type":"","overlay-color":"","overlay-opacity":"","overlay-gradient":""},"mobile":{"background-color":"var(--ast-global-color-4)","background-image":"","background-repeat":"repeat","background-position":"center center","background-size":"auto","background-attachment":"scroll","background-type":"","background-media":"","overlay-type":"","overlay-color":"","overlay-opacity":"","overlay-gradient":""}},"footnotes":""},"class_list":["post-7","page","type-page","status-publish","hentry"],"yoast_head":"<!-- This site is optimized with the Yoast SEO plugin v26.6 - https:\/\/yoast.com\/wordpress\/plugins\/seo\/ -->\n<title>Casa Rural en Arenal de Mor\u00eds - Lujo y Vistas al Mar en Caravia<\/title>\n<meta name=\"description\" content=\"Casa de dise\u00f1o en Caravia con acceso directo a la Playa Arenal de Mor\u00eds. Disfruta de vistas de 180\u00b0 al Cant\u00e1brico y m\u00e1xima privacidad en un entorno \u00fanico.\" \/>\n<meta name=\"robots\" content=\"index, follow, max-snippet:-1, max-image-preview:large, max-video-preview:-1\" \/>\n<link rel=\"canonical\" href=\"https:\/\/casaparticular.es\/\" \/>\n<meta property=\"og:locale\" content=\"es_ES\" \/>\n<meta property=\"og:type\" content=\"article\" \/>\n<meta property=\"og:title\" content=\"Casa Rural en Arenal de Mor\u00eds - Lujo y Vistas al Mar en Caravia\" \/>\n<meta property=\"og:description\" content=\"Casa de dise\u00f1o en Caravia con acceso directo a la Playa Arenal de Mor\u00eds. Disfruta de vistas de 180\u00b0 al Cant\u00e1brico y m\u00e1xima privacidad en un entorno \u00fanico.\" \/>\n<meta property=\"og:url\" content=\"https:\/\/casaparticular.es\/\" \/>\n<meta property=\"og:site_name\" content=\"Casa Particular\" \/>\n<meta property=\"article:modified_time\" content=\"2025-12-22T14:59:58+00:00\" \/>\n<meta property=\"og:image\" content=\"https:\/\/casaparticular.es\/wp-content\/uploads\/2025\/12\/arenal-de-moris.jpeg\" \/>\n\t<meta property=\"og:image:width\" content=\"2048\" \/>\n\t<meta property=\"og:image:height\" content=\"1224\" \/>\n\t<meta property=\"og:image:type\" content=\"image\/jpeg\" \/>\n<meta name=\"twitter:card\" content=\"summary_large_image\" \/>\n<meta name=\"twitter:label1\" content=\"Tiempo de lectura\" \/>\n\t<meta name=\"twitter:data1\" content=\"4 minutos\" \/>\n<script type=\"application\/ld+json\" class=\"yoast-schema-graph\">{\"@context\":\"https:\/\/schema.org\",\"@graph\":[{\"@type\":\"WebPage\",\"@id\":\"https:\/\/casaparticular.es\/\",\"url\":\"https:\/\/casaparticular.es\/\",\"name\":\"Casa Rural en Arenal de Mor\u00eds - Lujo y Vistas al Mar en Caravia\",\"isPartOf\":{\"@id\":\"https:\/\/casaparticular.es\/#website\"},\"primaryImageOfPage\":{\"@id\":\"https:\/\/casaparticular.es\/#primaryimage\"},\"image\":{\"@id\":\"https:\/\/casaparticular.es\/#primaryimage\"},\"thumbnailUrl\":\"https:\/\/casaparticular.es\/wp-content\/uploads\/2025\/12\/arenal-de-moris-1024x612.jpeg\",\"datePublished\":\"2025-12-22T12:32:12+00:00\",\"dateModified\":\"2025-12-22T14:59:58+00:00\",\"description\":\"Casa de dise\u00f1o en Caravia con acceso directo a la Playa Arenal de Mor\u00eds. Disfruta de vistas de 180\u00b0 al Cant\u00e1brico y m\u00e1xima privacidad en un entorno \u00fanico.\",\"breadcrumb\":{\"@id\":\"https:\/\/casaparticular.es\/#breadcrumb\"},\"inLanguage\":\"es\",\"potentialAction\":[{\"@type\":\"ReadAction\",\"target\":[\"https:\/\/casaparticular.es\/\"]}]},{\"@type\":\"ImageObject\",\"inLanguage\":\"es\",\"@id\":\"https:\/\/casaparticular.es\/#primaryimage\",\"url\":\"https:\/\/casaparticular.es\/wp-content\/uploads\/2025\/12\/arenal-de-moris.jpeg\",\"contentUrl\":\"https:\/\/casaparticular.es\/wp-content\/uploads\/2025\/12\/arenal-de-moris.jpeg\",\"width\":2048,\"height\":1224,\"caption\":\"Entrada exclusiva a la playa Arenal de Mor\u00eds a trav\u00e9s de la vegetaci\u00f3n natural del entorno de la casa.\"},{\"@type\":\"BreadcrumbList\",\"@id\":\"https:\/\/casaparticular.es\/#breadcrumb\",\"itemListElement\":[{\"@type\":\"ListItem\",\"position\":1,\"name\":\"Portada\",\"item\":\"https:\/\/casaparticular.es\/\"},{\"@type\":\"ListItem\",\"position\":2,\"name\":\"Inicio\"}]},{\"@type\":\"WebSite\",\"@id\":\"https:\/\/casaparticular.es\/#website\",\"url\":\"https:\/\/casaparticular.es\/\",\"name\":\"Casa Particular\",\"description\":\"\",\"publisher\":{\"@id\":\"https:\/\/casaparticular.es\/#organization\"},\"potentialAction\":[{\"@type\":\"SearchAction\",\"target\":{\"@type\":\"EntryPoint\",\"urlTemplate\":\"https:\/\/casaparticular.es\/?s={search_term_string}\"},\"query-input\":{\"@type\":\"PropertyValueSpecification\",\"valueRequired\":true,\"valueName\":\"search_term_string\"}}],\"inLanguage\":\"es\"},{\"@type\":\"Organization\",\"@id\":\"https:\/\/casaparticular.es\/#organization\",\"name\":\"Casa Particular\",\"url\":\"https:\/\/casaparticular.es\/\",\"logo\":{\"@type\":\"ImageObject\",\"inLanguage\":\"es\",\"@id\":\"https:\/\/casaparticular.es\/#\/schema\/logo\/image\/\",\"url\":\"https:\/\/casaparticular.es\/wp-content\/uploads\/2025\/12\/logo-casa-particular.png\",\"contentUrl\":\"https:\/\/casaparticular.es\/wp-content\/uploads\/2025\/12\/logo-casa-particular.png\",\"width\":716,\"height\":227,\"caption\":\"Casa Particular\"},\"image\":{\"@id\":\"https:\/\/casaparticular.es\/#\/schema\/logo\/image\/\"}}]}<\/script>\n<!-- \/ Yoast SEO plugin. -->","yoast_head_json":{"title":"Casa Rural en Arenal de Mor\u00eds - Lujo y Vistas al Mar en Caravia","description":"Casa de dise\u00f1o en Caravia con acceso directo a la Playa Arenal de Mor\u00eds. Disfruta de vistas de 180\u00b0 al Cant\u00e1brico y m\u00e1xima privacidad en un entorno \u00fanico.","robots":{"index":"index","follow":"follow","max-snippet":"max-snippet:-1","max-image-preview":"max-image-preview:large","max-video-preview":"max-video-preview:-1"},"canonical":"https:\/\/casaparticular.es\/","og_locale":"es_ES","og_type":"article","og_title":"Casa Rural en Arenal de Mor\u00eds - Lujo y Vistas al Mar en Caravia","og_description":"Casa de dise\u00f1o en Caravia con acceso directo a la Playa Arenal de Mor\u00eds. Disfruta de vistas de 180\u00b0 al Cant\u00e1brico y m\u00e1xima privacidad en un entorno \u00fanico.","og_url":"https:\/\/casaparticular.es\/","og_site_name":"Casa Particular","article_modified_time":"2025-12-22T14:59:58+00:00","og_image":[{"width":2048,"height":1224,"url":"https:\/\/casaparticular.es\/wp-content\/uploads\/2025\/12\/arenal-de-moris.jpeg","type":"image\/jpeg"}],"twitter_card":"summary_large_image","twitter_misc":{"Tiempo de lectura":"4 minutos"},"schema":{"@context":"https:\/\/schema.org","@graph":[{"@type":"WebPage","@id":"https:\/\/casaparticular.es\/","url":"https:\/\/casaparticular.es\/","name":"Casa Rural en Arenal de Mor\u00eds - Lujo y Vistas al Mar en Caravia","isPartOf":{"@id":"https:\/\/casaparticular.es\/#website"},"primaryImageOfPage":{"@id":"https:\/\/casaparticular.es\/#primaryimage"},"image":{"@id":"https:\/\/casaparticular.es\/#primaryimage"},"thumbnailUrl":"https:\/\/casaparticular.es\/wp-content\/uploads\/2025\/12\/arenal-de-moris-1024x612.jpeg","datePublished":"2025-12-22T12:32:12+00:00","dateModified":"2025-12-22T14:59:58+00:00","description":"Casa de dise\u00f1o en Caravia con acceso directo a la Playa Arenal de Mor\u00eds. Disfruta de vistas de 180\u00b0 al Cant\u00e1brico y m\u00e1xima privacidad en un entorno \u00fanico.","breadcrumb":{"@id":"https:\/\/casaparticular.es\/#breadcrumb"},"inLanguage":"es","potentialAction":[{"@type":"ReadAction","target":["https:\/\/casaparticular.es\/"]}]},{"@type":"ImageObject","inLanguage":"es","@id":"https:\/\/casaparticular.es\/#primaryimage","url":"https:\/\/casaparticular.es\/wp-content\/uploads\/2025\/12\/arenal-de-moris.jpeg","contentUrl":"https:\/\/casaparticular.es\/wp-content\/uploads\/2025\/12\/arenal-de-moris.jpeg","width":2048,"height":1224,"caption":"Entrada exclusiva a la playa Arenal de Mor\u00eds a trav\u00e9s de la vegetaci\u00f3n natural del entorno de la casa."},{"@type":"BreadcrumbList","@id":"https:\/\/casaparticular.es\/#breadcrumb","itemListElement":[{"@type":"ListItem","position":1,"name":"Portada","item":"https:\/\/casaparticular.es\/"},{"@type":"ListItem","position":2,"name":"Inicio"}]},{"@type":"WebSite","@id":"https:\/\/casaparticular.es\/#website","url":"https:\/\/casaparticular.es\/","name":"Casa Particular","description":"","publisher":{"@id":"https:\/\/casaparticular.es\/#organization"},"potentialAction":[{"@type":"SearchAction","target":{"@type":"EntryPoint","urlTemplate":"https:\/\/casaparticular.es\/?s={search_term_string}"},"query-input":{"@type":"PropertyValueSpecification","valueRequired":true,"valueName":"search_term_string"}}],"inLanguage":"es"},{"@type":"Organization","@id":"https:\/\/casaparticular.es\/#organization","name":"Casa Particular","url":"https:\/\/casaparticular.es\/","logo":{"@type":"ImageObject","inLanguage":"es","@id":"https:\/\/casaparticular.es\/#\/schema\/logo\/image\/","url":"https:\/\/casaparticular.es\/wp-content\/uploads\/2025\/12\/logo-casa-particular.png","contentUrl":"https:\/\/casaparticular.es\/wp-content\/uploads\/2025\/12\/logo-casa-particular.png","width":716,"height":227,"caption":"Casa Particular"},"image":{"@id":"https:\/\/casaparticular.es\/#\/schema\/logo\/image\/"}}]}},"uagb_featured_image_src":{"full":false,"thumbnail":false,"medium":false,"medium_large":false,"large":false,"1536x1536":false,"2048x2048":false},"uagb_author_info":{"display_name":"alvaro","author_link":"https:\/\/casaparticular.es\/index.php\/author\/alvaro\/"},"uagb_comment_info":0,"uagb_excerpt":"Un refugio privado dise\u00f1ado para el descanso Nuestra casa no es solo un alojamiento, es una experiencia para los sentidos. [&hellip;]","_links":{"self":[{"href":"https:\/\/casaparticular.es\/index.php\/wp-json\/wp\/v2\/pages\/7","targetHints":{"allow":["GET"]}}],"collection":[{"href":"https:\/\/casaparticular.es\/index.php\/wp-json\/wp\/v2\/pages"}],"about":[{"href":"https:\/\/casaparticular.es\/index.php\/wp-json\/wp\/v2\/types\/page"}],"author":[{"embeddable":true,"href":"https:\/\/casaparticular.es\/index.php\/wp-json\/wp\/v2\/users\/1"}],"replies":[{"embeddable":true,"href":"https:\/\/casaparticular.es\/index.php\/wp-json\/wp\/v2\/comments?post=7"}],"version-history":[{"count":27,"href":"https:\/\/casaparticular.es\/index.php\/wp-json\/wp\/v2\/pages\/7\/revisions"}],"predecessor-version":[{"id":73,"href":"https:\/\/casaparticular.es\/index.php\/wp-json\/wp\/v2\/pages\/7\/revisions\/73"}],"wp:attachment":[{"href":"https:\/\/casaparticular.es\/index.php\/wp-json\/wp\/v2\/media?parent=7"}],"curies":[{"name":"wp","href":"https:\/\/api.w.org\/{rel}","templated":true}]}}